{"id":334,"date":"2017-07-25T21:38:31","date_gmt":"2017-07-25T19:38:31","guid":{"rendered":"https:\/\/www.grundschule-schlaitdorf.de\/wordpress\/?page_id=334"},"modified":"2026-03-13T12:41:05","modified_gmt":"2026-03-13T10:41:05","slug":"aktuelles","status":"publish","type":"page","link":"https:\/\/www.grundschule-schlaitdorf.de\/wordpress\/aktuelles\/","title":{"rendered":"Aktuelles"},"content":{"rendered":"\n<div class=\"wp-block-media-text is-stacked-on-mobile\" style=\"grid-template-columns:29% auto\"><figure class=\"wp-block-media-text__media\"><img loading=\"lazy\" decoding=\"async\" width=\"1024\" height=\"1001\" src=\"https:\/\/www.grundschule-schlaitdorf.de\/wordpress\/wp-content\/uploads\/2026\/03\/Vorschau-1024x1001.jpg\" alt=\"\" class=\"wp-image-2122 size-full\" srcset=\"https:\/\/www.grundschule-schlaitdorf.de\/wordpress\/wp-content\/uploads\/2026\/03\/Vorschau-1024x1001.jpg 1024w, https:\/\/www.grundschule-schlaitdorf.de\/wordpress\/wp-content\/uploads\/2026\/03\/Vorschau-300x293.jpg 300w, https:\/\/www.grundschule-schlaitdorf.de\/wordpress\/wp-content\/uploads\/2026\/03\/Vorschau-768x751.jpg 768w, https:\/\/www.grundschule-schlaitdorf.de\/wordpress\/wp-content\/uploads\/2026\/03\/Vorschau-1536x1502.jpg 1536w, https:\/\/www.grundschule-schlaitdorf.de\/wordpress\/wp-content\/uploads\/2026\/03\/Vorschau-2048x2003.jpg 2048w, https:\/\/www.grundschule-schlaitdorf.de\/wordpress\/wp-content\/uploads\/2026\/03\/Vorschau-624x610.jpg 624w\" sizes=\"auto, (max-width: 1024px) 100vw, 1024px\" \/><\/figure><div class=\"wp-block-media-text__content\">\n<p>Zu Besuch in der <a href=\"https:\/\/www.grundschule-schlaitdorf.de\/wordpress\/schulleben\/schuljahr-2025-26\/kulturgenuss-in-der-wuertt-philharmonie-reutlingen\/\" data-type=\"page\" data-id=\"2116\">W\u00fcrtt.Philharmonie<\/a><\/p>\n<\/div><\/div>\n\n\n\n<div class=\"wp-block-media-text is-stacked-on-mobile\" style=\"grid-template-columns:29% auto\"><figure class=\"wp-block-media-text__media\"><img loading=\"lazy\" decoding=\"async\" width=\"683\" height=\"1024\" src=\"https:\/\/www.grundschule-schlaitdorf.de\/wordpress\/wp-content\/uploads\/2026\/02\/DSC_0037-683x1024.jpg\" alt=\"\" class=\"wp-image-2089 size-full\" srcset=\"https:\/\/www.grundschule-schlaitdorf.de\/wordpress\/wp-content\/uploads\/2026\/02\/DSC_0037-683x1024.jpg 683w, https:\/\/www.grundschule-schlaitdorf.de\/wordpress\/wp-content\/uploads\/2026\/02\/DSC_0037-200x300.jpg 200w, https:\/\/www.grundschule-schlaitdorf.de\/wordpress\/wp-content\/uploads\/2026\/02\/DSC_0037-768x1152.jpg 768w, https:\/\/www.grundschule-schlaitdorf.de\/wordpress\/wp-content\/uploads\/2026\/02\/DSC_0037-1024x1536.jpg 1024w, https:\/\/www.grundschule-schlaitdorf.de\/wordpress\/wp-content\/uploads\/2026\/02\/DSC_0037-1365x2048.jpg 1365w, https:\/\/www.grundschule-schlaitdorf.de\/wordpress\/wp-content\/uploads\/2026\/02\/DSC_0037-624x936.jpg 624w, https:\/\/www.grundschule-schlaitdorf.de\/wordpress\/wp-content\/uploads\/2026\/02\/DSC_0037-scaled.jpg 1707w\" sizes=\"auto, (max-width: 683px) 100vw, 683px\" \/><\/figure><div class=\"wp-block-media-text__content\">\n<p><a href=\"https:\/\/www.grundschule-schlaitdorf.de\/wordpress\/schulleben\/schuljahr-2025-26\/die-narren-sind-los\/\" data-type=\"page\" data-id=\"2088\">N\u00e4rrische Zeiten<\/a> an der Grundschule<\/p>\n<\/div><\/div>\n\n\n\n<div class=\"wp-block-media-text is-stacked-on-mobile\" style=\"grid-template-columns:29% auto\"><figure class=\"wp-block-media-text__media\"><img loading=\"lazy\" decoding=\"async\" width=\"1024\" height=\"462\" src=\"https:\/\/www.grundschule-schlaitdorf.de\/wordpress\/wp-content\/uploads\/2025\/12\/20251210_072450-1024x462.jpg\" alt=\"\" class=\"wp-image-2080 size-full\" srcset=\"https:\/\/www.grundschule-schlaitdorf.de\/wordpress\/wp-content\/uploads\/2025\/12\/20251210_072450-1024x462.jpg 1024w, https:\/\/www.grundschule-schlaitdorf.de\/wordpress\/wp-content\/uploads\/2025\/12\/20251210_072450-300x135.jpg 300w, https:\/\/www.grundschule-schlaitdorf.de\/wordpress\/wp-content\/uploads\/2025\/12\/20251210_072450-768x346.jpg 768w, https:\/\/www.grundschule-schlaitdorf.de\/wordpress\/wp-content\/uploads\/2025\/12\/20251210_072450-1536x692.jpg 1536w, https:\/\/www.grundschule-schlaitdorf.de\/wordpress\/wp-content\/uploads\/2025\/12\/20251210_072450-2048x923.jpg 2048w, https:\/\/www.grundschule-schlaitdorf.de\/wordpress\/wp-content\/uploads\/2025\/12\/20251210_072450-624x281.jpg 624w\" sizes=\"auto, (max-width: 1024px) 100vw, 1024px\" \/><\/figure><div class=\"wp-block-media-text__content\">\n<p><a href=\"https:\/\/www.grundschule-schlaitdorf.de\/wordpress\/schulleben\/schuljahr-2025-26\/weihnachtsfeier-2025\/\" data-type=\"page\" data-id=\"2071\">Weihnachtsfeier 2025<\/a><\/p>\n<\/div><\/div>\n\n\n\n<div class=\"wp-block-media-text is-stacked-on-mobile\" style=\"grid-template-columns:30% auto\"><figure class=\"wp-block-media-text__media\"><img loading=\"lazy\" decoding=\"async\" width=\"1024\" height=\"683\" src=\"https:\/\/www.grundschule-schlaitdorf.de\/wordpress\/wp-content\/uploads\/2025\/12\/DSC_0020-1-1024x683.jpg\" alt=\"\" class=\"wp-image-2067 size-full\" srcset=\"https:\/\/www.grundschule-schlaitdorf.de\/wordpress\/wp-content\/uploads\/2025\/12\/DSC_0020-1-1024x683.jpg 1024w, https:\/\/www.grundschule-schlaitdorf.de\/wordpress\/wp-content\/uploads\/2025\/12\/DSC_0020-1-300x200.jpg 300w, https:\/\/www.grundschule-schlaitdorf.de\/wordpress\/wp-content\/uploads\/2025\/12\/DSC_0020-1-768x512.jpg 768w, https:\/\/www.grundschule-schlaitdorf.de\/wordpress\/wp-content\/uploads\/2025\/12\/DSC_0020-1-1536x1024.jpg 1536w, https:\/\/www.grundschule-schlaitdorf.de\/wordpress\/wp-content\/uploads\/2025\/12\/DSC_0020-1-2048x1365.jpg 2048w, https:\/\/www.grundschule-schlaitdorf.de\/wordpress\/wp-content\/uploads\/2025\/12\/DSC_0020-1-624x416.jpg 624w\" sizes=\"auto, (max-width: 1024px) 100vw, 1024px\" \/><\/figure><div class=\"wp-block-media-text__content\">\n<p><a href=\"https:\/\/www.grundschule-schlaitdorf.de\/wordpress\/schulleben\/schuljahr-2025-26\/schlittschuhtag\/\" data-type=\"page\" data-id=\"2060\">Schlittschuhtag<\/a><\/p>\n<\/div><\/div>\n\n\n\n<div class=\"wp-block-media-text is-stacked-on-mobile\" style=\"grid-template-columns:30% auto\"><figure class=\"wp-block-media-text__media\"><img loading=\"lazy\" decoding=\"async\" width=\"683\" height=\"1024\" src=\"https:\/\/www.grundschule-schlaitdorf.de\/wordpress\/wp-content\/uploads\/2025\/12\/DSC_0002-683x1024.jpg\" alt=\"\" class=\"wp-image-2055 size-full\" srcset=\"https:\/\/www.grundschule-schlaitdorf.de\/wordpress\/wp-content\/uploads\/2025\/12\/DSC_0002-683x1024.jpg 683w, https:\/\/www.grundschule-schlaitdorf.de\/wordpress\/wp-content\/uploads\/2025\/12\/DSC_0002-200x300.jpg 200w, https:\/\/www.grundschule-schlaitdorf.de\/wordpress\/wp-content\/uploads\/2025\/12\/DSC_0002-768x1152.jpg 768w, https:\/\/www.grundschule-schlaitdorf.de\/wordpress\/wp-content\/uploads\/2025\/12\/DSC_0002-1024x1536.jpg 1024w, https:\/\/www.grundschule-schlaitdorf.de\/wordpress\/wp-content\/uploads\/2025\/12\/DSC_0002-1365x2048.jpg 1365w, https:\/\/www.grundschule-schlaitdorf.de\/wordpress\/wp-content\/uploads\/2025\/12\/DSC_0002-624x936.jpg 624w, https:\/\/www.grundschule-schlaitdorf.de\/wordpress\/wp-content\/uploads\/2025\/12\/DSC_0002-scaled.jpg 1707w\" sizes=\"auto, (max-width: 683px) 100vw, 683px\" \/><\/figure><div class=\"wp-block-media-text__content\">\n<p><a href=\"https:\/\/www.grundschule-schlaitdorf.de\/wordpress\/schulleben\/schuljahr-2025-26\/autorenlesung-fritz-fassbinder\/\" data-type=\"page\" data-id=\"2050\">Autorenlesung<\/a> mit Fritz Fassbinder<\/p>\n<\/div><\/div>\n\n\n\n<div class=\"wp-block-media-text is-stacked-on-mobile\" style=\"grid-template-columns:31% auto\"><figure class=\"wp-block-media-text__media\"><img loading=\"lazy\" decoding=\"async\" width=\"953\" height=\"1024\" src=\"https:\/\/www.grundschule-schlaitdorf.de\/wordpress\/wp-content\/uploads\/2025\/05\/Eleni-mit-Buch-953x1024.jpeg\" alt=\"\" class=\"wp-image-2030 size-full\" srcset=\"https:\/\/www.grundschule-schlaitdorf.de\/wordpress\/wp-content\/uploads\/2025\/05\/Eleni-mit-Buch-953x1024.jpeg 953w, https:\/\/www.grundschule-schlaitdorf.de\/wordpress\/wp-content\/uploads\/2025\/05\/Eleni-mit-Buch-279x300.jpeg 279w, https:\/\/www.grundschule-schlaitdorf.de\/wordpress\/wp-content\/uploads\/2025\/05\/Eleni-mit-Buch-768x825.jpeg 768w, https:\/\/www.grundschule-schlaitdorf.de\/wordpress\/wp-content\/uploads\/2025\/05\/Eleni-mit-Buch-1430x1536.jpeg 1430w, https:\/\/www.grundschule-schlaitdorf.de\/wordpress\/wp-content\/uploads\/2025\/05\/Eleni-mit-Buch-624x670.jpeg 624w, https:\/\/www.grundschule-schlaitdorf.de\/wordpress\/wp-content\/uploads\/2025\/05\/Eleni-mit-Buch.jpeg 1757w\" sizes=\"auto, (max-width: 953px) 100vw, 953px\" \/><\/figure><div class=\"wp-block-media-text__content\">\n<p><a href=\"https:\/\/www.grundschule-schlaitdorf.de\/wordpress\/schulleben\/schuljahr-2024-25\/lesepreis-2025\/\" data-type=\"page\" data-id=\"2025\">Lesepreis 2025<\/a> der Bildungsstiftung Kreissparkasse<\/p>\n\n\n\n<p><\/p>\n<\/div><\/div>\n\n\n\n<div class=\"wp-block-media-text is-stacked-on-mobile\" style=\"grid-template-columns:31% auto\"><figure class=\"wp-block-media-text__media\"><img loading=\"lazy\" decoding=\"async\" width=\"930\" height=\"1024\" src=\"https:\/\/www.grundschule-schlaitdorf.de\/wordpress\/wp-content\/uploads\/2025\/05\/Kaenguru-Preistraeger-1-930x1024.jpg\" alt=\"\" class=\"wp-image-2037 size-full\" srcset=\"https:\/\/www.grundschule-schlaitdorf.de\/wordpress\/wp-content\/uploads\/2025\/05\/Kaenguru-Preistraeger-1-930x1024.jpg 930w, https:\/\/www.grundschule-schlaitdorf.de\/wordpress\/wp-content\/uploads\/2025\/05\/Kaenguru-Preistraeger-1-272x300.jpg 272w, https:\/\/www.grundschule-schlaitdorf.de\/wordpress\/wp-content\/uploads\/2025\/05\/Kaenguru-Preistraeger-1-768x846.jpg 768w, https:\/\/www.grundschule-schlaitdorf.de\/wordpress\/wp-content\/uploads\/2025\/05\/Kaenguru-Preistraeger-1-1395x1536.jpg 1395w, https:\/\/www.grundschule-schlaitdorf.de\/wordpress\/wp-content\/uploads\/2025\/05\/Kaenguru-Preistraeger-1-624x687.jpg 624w, https:\/\/www.grundschule-schlaitdorf.de\/wordpress\/wp-content\/uploads\/2025\/05\/Kaenguru-Preistraeger-1.jpg 1633w\" sizes=\"auto, (max-width: 930px) 100vw, 930px\" \/><\/figure><div class=\"wp-block-media-text__content\">\n<p><a href=\"https:\/\/www.grundschule-schlaitdorf.de\/wordpress\/schulleben\/schuljahr-2024-25\/kaenguru-wettbewerb-2025\/\" data-type=\"page\" data-id=\"2034\">K\u00e4nguru-Wettbewerb <\/a>der Mathematik<\/p>\n<\/div><\/div>\n\n\n\n<div class=\"wp-block-media-text is-stacked-on-mobile\" style=\"grid-template-columns:31% auto\"><figure class=\"wp-block-media-text__media\"><img loading=\"lazy\" decoding=\"async\" width=\"1024\" height=\"1017\" src=\"https:\/\/www.grundschule-schlaitdorf.de\/wordpress\/wp-content\/uploads\/2025\/05\/Zebra-und-Giraffe-1024x1017.jpg\" alt=\"\" class=\"wp-image-2022 size-full\" srcset=\"https:\/\/www.grundschule-schlaitdorf.de\/wordpress\/wp-content\/uploads\/2025\/05\/Zebra-und-Giraffe-1024x1017.jpg 1024w, https:\/\/www.grundschule-schlaitdorf.de\/wordpress\/wp-content\/uploads\/2025\/05\/Zebra-und-Giraffe-300x298.jpg 300w, https:\/\/www.grundschule-schlaitdorf.de\/wordpress\/wp-content\/uploads\/2025\/05\/Zebra-und-Giraffe-150x150.jpg 150w, https:\/\/www.grundschule-schlaitdorf.de\/wordpress\/wp-content\/uploads\/2025\/05\/Zebra-und-Giraffe-768x763.jpg 768w, https:\/\/www.grundschule-schlaitdorf.de\/wordpress\/wp-content\/uploads\/2025\/05\/Zebra-und-Giraffe-1536x1526.jpg 1536w, https:\/\/www.grundschule-schlaitdorf.de\/wordpress\/wp-content\/uploads\/2025\/05\/Zebra-und-Giraffe-2048x2035.jpg 2048w, https:\/\/www.grundschule-schlaitdorf.de\/wordpress\/wp-content\/uploads\/2025\/05\/Zebra-und-Giraffe-624x620.jpg 624w\" sizes=\"auto, (max-width: 1024px) 100vw, 1024px\" \/><\/figure><div class=\"wp-block-media-text__content\">\n<p><a href=\"https:\/\/www.grundschule-schlaitdorf.de\/wordpress\/schulleben\/schuljahr-2024-25\/tuishi-pamoja-musical-an-der-grundschule\/\" data-type=\"page\" data-id=\"2011\">Musical &#8222;Tuishi pamoja&#8220;<\/a><\/p>\n\n\n\n<p><\/p>\n<\/div><\/div>\n\n\n\n<p>Der Radiosender Antenne1 hat ebenfalls \u00fcber den Besuch des Ministerpr\u00e4sidenten berichtet:<\/p>\n\n\n\n<figure class=\"wp-block-audio\"><audio controls src=\"https:\/\/www.grundschule-schlaitdorf.de\/wordpress\/wp-content\/uploads\/2024\/11\/Teaser-Jana-Karola.wav\"><\/audio><\/figure>\n\n\n\n<figure class=\"wp-block-audio\"><audio controls src=\"https:\/\/www.grundschule-schlaitdorf.de\/wordpress\/wp-content\/uploads\/2024\/11\/Mitschnitt-Jana-Karola.wav\"><\/audio><\/figure>\n\n\n\n<figure class=\"wp-block-audio\"><audio controls src=\"https:\/\/www.grundschule-schlaitdorf.de\/wordpress\/wp-content\/uploads\/2024\/11\/Mitschnitt-Tag-in-BW.wav\"><\/audio><\/figure>\n\n\n\n<div class=\"wp-block-media-text is-stacked-on-mobile\" style=\"grid-template-columns:31% auto\"><figure class=\"wp-block-media-text__media\"><img loading=\"lazy\" decoding=\"async\" width=\"1024\" height=\"683\" src=\"https:\/\/www.grundschule-schlaitdorf.de\/wordpress\/wp-content\/uploads\/2024\/11\/Vorlesetag_MP_IKar_016-1024x683.jpg\" alt=\"\" class=\"wp-image-1955 size-full\" srcset=\"https:\/\/www.grundschule-schlaitdorf.de\/wordpress\/wp-content\/uploads\/2024\/11\/Vorlesetag_MP_IKar_016-1024x683.jpg 1024w, https:\/\/www.grundschule-schlaitdorf.de\/wordpress\/wp-content\/uploads\/2024\/11\/Vorlesetag_MP_IKar_016-300x200.jpg 300w, https:\/\/www.grundschule-schlaitdorf.de\/wordpress\/wp-content\/uploads\/2024\/11\/Vorlesetag_MP_IKar_016-768x512.jpg 768w, https:\/\/www.grundschule-schlaitdorf.de\/wordpress\/wp-content\/uploads\/2024\/11\/Vorlesetag_MP_IKar_016-1536x1024.jpg 1536w, https:\/\/www.grundschule-schlaitdorf.de\/wordpress\/wp-content\/uploads\/2024\/11\/Vorlesetag_MP_IKar_016-2048x1366.jpg 2048w, https:\/\/www.grundschule-schlaitdorf.de\/wordpress\/wp-content\/uploads\/2024\/11\/Vorlesetag_MP_IKar_016-624x416.jpg 624w\" sizes=\"auto, (max-width: 1024px) 100vw, 1024px\" \/><\/figure><div class=\"wp-block-media-text__content\">\n<p><a href=\"https:\/\/www.grundschule-schlaitdorf.de\/wordpress\/wp-content\/uploads\/2024\/11\/Bericht-RTF.mp4\" data-type=\"attachment\" data-id=\"1998\">Filmbericht<\/a> RTF1 \u00fcber den Vorlesetag 2024 mit Ministerpr\u00e4sident Kretschmann<\/p>\n<\/div><\/div>\n\n\n\n<div class=\"wp-block-media-text is-stacked-on-mobile\" style=\"grid-template-columns:31% auto\"><figure class=\"wp-block-media-text__media\"><img loading=\"lazy\" decoding=\"async\" width=\"1024\" height=\"683\" src=\"https:\/\/www.grundschule-schlaitdorf.de\/wordpress\/wp-content\/uploads\/2024\/11\/Vorlesetag_MP_IKar_022-1024x683.jpg\" alt=\"\" class=\"wp-image-1961 size-full\" srcset=\"https:\/\/www.grundschule-schlaitdorf.de\/wordpress\/wp-content\/uploads\/2024\/11\/Vorlesetag_MP_IKar_022-1024x683.jpg 1024w, https:\/\/www.grundschule-schlaitdorf.de\/wordpress\/wp-content\/uploads\/2024\/11\/Vorlesetag_MP_IKar_022-300x200.jpg 300w, https:\/\/www.grundschule-schlaitdorf.de\/wordpress\/wp-content\/uploads\/2024\/11\/Vorlesetag_MP_IKar_022-768x512.jpg 768w, https:\/\/www.grundschule-schlaitdorf.de\/wordpress\/wp-content\/uploads\/2024\/11\/Vorlesetag_MP_IKar_022-1536x1024.jpg 1536w, https:\/\/www.grundschule-schlaitdorf.de\/wordpress\/wp-content\/uploads\/2024\/11\/Vorlesetag_MP_IKar_022-2048x1366.jpg 2048w, https:\/\/www.grundschule-schlaitdorf.de\/wordpress\/wp-content\/uploads\/2024\/11\/Vorlesetag_MP_IKar_022-624x416.jpg 624w\" sizes=\"auto, (max-width: 1024px) 100vw, 1024px\" \/><\/figure><div class=\"wp-block-media-text__content\">\n<p><a href=\"https:\/\/www.grundschule-schlaitdorf.de\/wordpress\/wp-content\/uploads\/2024\/11\/Bericht-Regio-TV.mp4\" data-type=\"attachment\" data-id=\"1991\">Filmbericht<\/a> von RegioTV \u00fcber den Vorlesetag 2024 mit Ministerpr\u00e4sident Kretschmann<\/p>\n<\/div><\/div>\n\n\n\n<div class=\"wp-block-media-text is-stacked-on-mobile\" style=\"grid-template-columns:31% auto\"><figure class=\"wp-block-media-text__media\"><img loading=\"lazy\" decoding=\"async\" width=\"1024\" height=\"683\" src=\"https:\/\/www.grundschule-schlaitdorf.de\/wordpress\/wp-content\/uploads\/2024\/11\/Vorlesetag_MP_IKar_009-1024x683.jpg\" alt=\"\" class=\"wp-image-1948 size-full\" srcset=\"https:\/\/www.grundschule-schlaitdorf.de\/wordpress\/wp-content\/uploads\/2024\/11\/Vorlesetag_MP_IKar_009-1024x683.jpg 1024w, https:\/\/www.grundschule-schlaitdorf.de\/wordpress\/wp-content\/uploads\/2024\/11\/Vorlesetag_MP_IKar_009-300x200.jpg 300w, https:\/\/www.grundschule-schlaitdorf.de\/wordpress\/wp-content\/uploads\/2024\/11\/Vorlesetag_MP_IKar_009-768x512.jpg 768w, https:\/\/www.grundschule-schlaitdorf.de\/wordpress\/wp-content\/uploads\/2024\/11\/Vorlesetag_MP_IKar_009-1536x1024.jpg 1536w, https:\/\/www.grundschule-schlaitdorf.de\/wordpress\/wp-content\/uploads\/2024\/11\/Vorlesetag_MP_IKar_009-2048x1366.jpg 2048w, https:\/\/www.grundschule-schlaitdorf.de\/wordpress\/wp-content\/uploads\/2024\/11\/Vorlesetag_MP_IKar_009-624x416.jpg 624w\" sizes=\"auto, (max-width: 1024px) 100vw, 1024px\" \/><\/figure><div class=\"wp-block-media-text__content\">\n<p><a href=\"https:\/\/www.grundschule-schlaitdorf.de\/wordpress\/schulleben\/schuljahr-2024-25\/besuch-des-ministerpraesidenten\/\" data-type=\"page\" data-id=\"1983\">Besuch des Ministerpr\u00e4sidenten<\/a> anl\u00e4sslich des Bundesweiten Vorlesetages 2024<\/p>\n<\/div><\/div>\n\n\n\n<div class=\"wp-block-media-text is-stacked-on-mobile\" style=\"grid-template-columns:31% auto\"><figure class=\"wp-block-media-text__media\"><img loading=\"lazy\" decoding=\"async\" width=\"1024\" height=\"683\" src=\"https:\/\/www.grundschule-schlaitdorf.de\/wordpress\/wp-content\/uploads\/2024\/10\/DSC_0005-1024x683.jpg\" alt=\"\" class=\"wp-image-1932 size-full\" srcset=\"https:\/\/www.grundschule-schlaitdorf.de\/wordpress\/wp-content\/uploads\/2024\/10\/DSC_0005-1024x683.jpg 1024w, https:\/\/www.grundschule-schlaitdorf.de\/wordpress\/wp-content\/uploads\/2024\/10\/DSC_0005-300x200.jpg 300w, https:\/\/www.grundschule-schlaitdorf.de\/wordpress\/wp-content\/uploads\/2024\/10\/DSC_0005-768x512.jpg 768w, https:\/\/www.grundschule-schlaitdorf.de\/wordpress\/wp-content\/uploads\/2024\/10\/DSC_0005-1536x1024.jpg 1536w, https:\/\/www.grundschule-schlaitdorf.de\/wordpress\/wp-content\/uploads\/2024\/10\/DSC_0005-2048x1365.jpg 2048w, https:\/\/www.grundschule-schlaitdorf.de\/wordpress\/wp-content\/uploads\/2024\/10\/DSC_0005-624x416.jpg 624w\" sizes=\"auto, (max-width: 1024px) 100vw, 1024px\" \/><\/figure><div class=\"wp-block-media-text__content\">\n<p>Autorenlesung mit Sue Glanzner <a href=\"https:\/\/www.grundschule-schlaitdorf.de\/wordpress\/schulleben\/schuljahr-2024-25\/fredericktage-2024-mit-sue-glanzner\/\" data-type=\"page\" data-id=\"1923\">Fredericktage 2024<\/a><\/p>\n<\/div><\/div>\n\n\n\n<div class=\"wp-block-media-text is-stacked-on-mobile\" style=\"grid-template-columns:31% auto\"><figure class=\"wp-block-media-text__media\"><img loading=\"lazy\" decoding=\"async\" width=\"1024\" height=\"462\" src=\"https:\/\/www.grundschule-schlaitdorf.de\/wordpress\/wp-content\/uploads\/2024\/06\/Zirkus-1024x462.jpg\" alt=\"\" class=\"wp-image-1894 size-full\" srcset=\"https:\/\/www.grundschule-schlaitdorf.de\/wordpress\/wp-content\/uploads\/2024\/06\/Zirkus-1024x462.jpg 1024w, https:\/\/www.grundschule-schlaitdorf.de\/wordpress\/wp-content\/uploads\/2024\/06\/Zirkus-300x135.jpg 300w, https:\/\/www.grundschule-schlaitdorf.de\/wordpress\/wp-content\/uploads\/2024\/06\/Zirkus-768x346.jpg 768w, https:\/\/www.grundschule-schlaitdorf.de\/wordpress\/wp-content\/uploads\/2024\/06\/Zirkus-1536x692.jpg 1536w, https:\/\/www.grundschule-schlaitdorf.de\/wordpress\/wp-content\/uploads\/2024\/06\/Zirkus-2048x923.jpg 2048w, https:\/\/www.grundschule-schlaitdorf.de\/wordpress\/wp-content\/uploads\/2024\/06\/Zirkus-624x281.jpg 624w\" sizes=\"auto, (max-width: 1024px) 100vw, 1024px\" \/><\/figure><div class=\"wp-block-media-text__content\">\n<p>Das Zirkuszelt steht! Wir freuen uns auf eine ereignisreiche, tolle <a href=\"https:\/\/www.grundschule-schlaitdorf.de\/wordpress\/zirkuswoche\/\" data-type=\"page\" data-id=\"1911\">Zirkuswoche<\/a>!<\/p>\n<\/div><\/div>\n\n\n\n<div class=\"wp-block-media-text is-stacked-on-mobile\" style=\"grid-template-columns:31% auto\"><figure class=\"wp-block-media-text__media\"><img loading=\"lazy\" decoding=\"async\" width=\"368\" height=\"213\" src=\"https:\/\/www.grundschule-schlaitdorf.de\/wordpress\/wp-content\/uploads\/2024\/06\/Uebergabe-Scheck.jpg\" alt=\"\" class=\"wp-image-1889 size-full\" srcset=\"https:\/\/www.grundschule-schlaitdorf.de\/wordpress\/wp-content\/uploads\/2024\/06\/Uebergabe-Scheck.jpg 368w, https:\/\/www.grundschule-schlaitdorf.de\/wordpress\/wp-content\/uploads\/2024\/06\/Uebergabe-Scheck-300x174.jpg 300w\" sizes=\"auto, (max-width: 368px) 100vw, 368px\" \/><\/figure><div class=\"wp-block-media-text__content\">\n<p><a href=\"https:\/\/www.grundschule-schlaitdorf.de\/wordpress\/schulleben\/schuljahr-2023-24\/toller-erfolg-beim-lesepreis\/\" data-type=\"page\" data-id=\"1885\">Toller Erfolg beim Lesepreis 2024<\/a><\/p>\n<\/div><\/div>\n\n\n\n<div class=\"wp-block-media-text is-stacked-on-mobile\" style=\"grid-template-columns:31% auto\"><figure class=\"wp-block-media-text__media\"><img loading=\"lazy\" decoding=\"async\" width=\"852\" height=\"572\" src=\"https:\/\/www.grundschule-schlaitdorf.de\/wordpress\/wp-content\/uploads\/2023\/11\/SWR.jpg\" alt=\"\" class=\"wp-image-1766 size-full\" srcset=\"https:\/\/www.grundschule-schlaitdorf.de\/wordpress\/wp-content\/uploads\/2023\/11\/SWR.jpg 852w, https:\/\/www.grundschule-schlaitdorf.de\/wordpress\/wp-content\/uploads\/2023\/11\/SWR-300x201.jpg 300w, https:\/\/www.grundschule-schlaitdorf.de\/wordpress\/wp-content\/uploads\/2023\/11\/SWR-768x516.jpg 768w, https:\/\/www.grundschule-schlaitdorf.de\/wordpress\/wp-content\/uploads\/2023\/11\/SWR-624x419.jpg 624w\" sizes=\"auto, (max-width: 852px) 100vw, 852px\" \/><\/figure><div class=\"wp-block-media-text__content\">\n<p><a href=\"https:\/\/youtu.be\/J7-0_XIV6go?si=pXJhaX8an305rXaS\" target=\"_blank\" rel=\"noreferrer noopener\">Bericht<\/a> des SWR \u00fcber den Vorlesetag 2023 bei uns<\/p>\n<\/div><\/div>\n\n\n\n<p class=\"has-text-align-center\"><\/p>\n\n\n\n<p><\/p>\n","protected":false},"excerpt":{"rendered":"<p>Zu Besuch in der W\u00fcrtt.Philharmonie N\u00e4rrische Zeiten an der Grundschule Weihnachtsfeier 2025 Schlittschuhtag Autorenlesung mit Fritz Fassbinder Lesepreis 2025 der Bildungsstiftung Kreissparkasse K\u00e4nguru-Wettbewerb der Mathematik Musical &#8222;Tuishi pamoja&#8220; Der Radiosender Antenne1 hat ebenfalls \u00fcber den Besuch des Ministerpr\u00e4sidenten berichtet: Filmbericht RTF1 \u00fcber den Vorlesetag 2024 mit Ministerpr\u00e4sident Kretschmann Filmbericht von RegioTV \u00fcber den Vorlesetag 2024 [&hellip;]<\/p>\n","protected":false},"author":3,"featured_media":0,"parent":0,"menu_order":0,"comment_status":"closed","ping_status":"closed","template":"page-templates\/full-width.php","meta":{"footnotes":""},"class_list":["post-334","page","type-page","status-publish","hentry"],"_links":{"self":[{"href":"https:\/\/www.grundschule-schlaitdorf.de\/wordpress\/wp-json\/wp\/v2\/pages\/334","targetHints":{"allow":["GET"]}}],"collection":[{"href":"https:\/\/www.grundschule-schlaitdorf.de\/wordpress\/wp-json\/wp\/v2\/pages"}],"about":[{"href":"https:\/\/www.grundschule-schlaitdorf.de\/wordpress\/wp-json\/wp\/v2\/types\/page"}],"author":[{"embeddable":true,"href":"https:\/\/www.grundschule-schlaitdorf.de\/wordpress\/wp-json\/wp\/v2\/users\/3"}],"replies":[{"embeddable":true,"href":"https:\/\/www.grundschule-schlaitdorf.de\/wordpress\/wp-json\/wp\/v2\/comments?post=334"}],"version-history":[{"count":160,"href":"https:\/\/www.grundschule-schlaitdorf.de\/wordpress\/wp-json\/wp\/v2\/pages\/334\/revisions"}],"predecessor-version":[{"id":2126,"href":"https:\/\/www.grundschule-schlaitdorf.de\/wordpress\/wp-json\/wp\/v2\/pages\/334\/revisions\/2126"}],"wp:attachment":[{"href":"https:\/\/www.grundschule-schlaitdorf.de\/wordpress\/wp-json\/wp\/v2\/media?parent=334"}],"curies":[{"name":"wp","href":"https:\/\/api.w.org\/{rel}","templated":true}]}}