{"id":20,"date":"2014-05-14T14:27:52","date_gmt":"2014-05-14T12:27:52","guid":{"rendered":"https:\/\/www.grundschule-schlaitdorf.de\/wordpress\/?page_id=20"},"modified":"2023-10-23T16:22:28","modified_gmt":"2023-10-23T14:22:28","slug":"lesefoerderung","status":"publish","type":"page","link":"https:\/\/www.grundschule-schlaitdorf.de\/wordpress\/schulportrait\/lesefoerderung\/","title":{"rendered":"Lesef\u00f6rderung"},"content":{"rendered":"\n<h4 class=\"wp-block-heading\">Lesef\u00f6rderung an unserer Schule<\/h4>\n\n\n\n<p>In unserem Kollegium wird die Lesef\u00f6rderung ernst genommen, und wir starten immer wieder Leseprojekte, die klassenintern oder klassen\u00fcbergreifend stattfinden k\u00f6nnen.<\/p>\n\n\n\n<div align=\"left\">\n<p><b><span style=\"color: #339966;\"><b>Sch\u00fclerb\u00fccherei mit w\u00f6chentlicher Ausleihe<\/b><\/span><br><\/b><\/p>\n<\/div>\n\n\n\n<figure class=\"wp-block-image size-large\"><a href=\"https:\/\/www.grundschule-schlaitdorf.de\/wordpress\/wp-content\/uploads\/2023\/10\/Bild-Buechertrog-scaled.jpg\"><img loading=\"lazy\" decoding=\"async\" width=\"1024\" height=\"758\" src=\"https:\/\/www.grundschule-schlaitdorf.de\/wordpress\/wp-content\/uploads\/2023\/10\/Bild-Buechertrog-1024x758.jpg\" alt=\"\" class=\"wp-image-1624\" srcset=\"https:\/\/www.grundschule-schlaitdorf.de\/wordpress\/wp-content\/uploads\/2023\/10\/Bild-Buechertrog-1024x758.jpg 1024w, https:\/\/www.grundschule-schlaitdorf.de\/wordpress\/wp-content\/uploads\/2023\/10\/Bild-Buechertrog-300x222.jpg 300w, https:\/\/www.grundschule-schlaitdorf.de\/wordpress\/wp-content\/uploads\/2023\/10\/Bild-Buechertrog-768x569.jpg 768w, https:\/\/www.grundschule-schlaitdorf.de\/wordpress\/wp-content\/uploads\/2023\/10\/Bild-Buechertrog-1536x1137.jpg 1536w, https:\/\/www.grundschule-schlaitdorf.de\/wordpress\/wp-content\/uploads\/2023\/10\/Bild-Buechertrog-2048x1516.jpg 2048w, https:\/\/www.grundschule-schlaitdorf.de\/wordpress\/wp-content\/uploads\/2023\/10\/Bild-Buechertrog-624x462.jpg 624w\" sizes=\"auto, (max-width: 1024px) 100vw, 1024px\" \/><\/a><figcaption class=\"wp-element-caption\">An unseren B\u00fcchertr\u00f6gen kann man sich schlau lesen!<\/figcaption><\/figure>\n\n\n\n<div align=\"left\">\n<p>Die Schulb\u00fccherei ist bei den Kindern sehr beliebt und wird rege genutzt. Die B\u00fccher sind nach Altersstufen und Schwierigkeitsgrad geordnet und mit Farben versehen, sodass die Kinder selbst entscheiden k\u00f6nnen, wie \u201cschwer\u201d ihre Lekt\u00fcre sein soll. So finden sich Sch\u00fclerInnen von der ersten bis zur vierten Klasse bestens zurecht. Einmal die Woche ist die B\u00fccherei ge\u00f6ffnet und es ist nicht selten, dass sich bis zu 25 Kinder um die Regale dr\u00e4ngen. Ein aus Eltern bestehendes B\u00fccherei-Team ist f\u00fcr die Ausleihe ehrenamtlich zust\u00e4ndig. Das Repertoire &nbsp;ist vielf\u00e4ltig, reicht von aktuellen Neuerscheinungen bis zu \u201calten\u201d Klassikern. Wahren Leseratten geht der Stoff w\u00e4hrend ihrer Grundschulzeit nicht aus.<\/p>\n<h4><span style=\"color: #339966;\">Lesepatenschaften<\/span><\/h4>\n<p>Unsere neuen Erstkl\u00e4ssler erhalten &#8222;gro\u00dfe&#8220; Paten, die Drittkl\u00e4ssler. Immer wieder w\u00e4hrend des ersten Schuljahres finden Vorlesezeiten statt, in denen die Gro\u00dfen den Kleinen vorlesen. Klappt das Lesen schon ganz gut, kann der Spie\u00df auch rumgedreht werden. Dann lesen die Kleinen den Gro\u00dfen vor!<\/p>\n<h4><span style=\"color: #339966;\">Klassenb\u00fcchereien<\/span><\/h4>\n<p>Jede Klasse hat einige B\u00fccher, auf die in freien Lesezeiten oder auch mal zwischendurch zur\u00fcckgegriffen werden kann. Dan sieht man schm\u00f6kernde Kinder unter Tischen, in gem\u00fctlichen Eckchen oder auf Kissen heruml\u00fcmmeln!<\/p>\n<h4><span style=\"color: #339966;\">Autorenlesung<\/span><\/h4>\n<p>Jedes Jahr im Herbst laden wir einen Autor ein, der uns aus seinen B\u00fcchern vorliest und alle Fragen beantwortet, die wie an ihn stellen. Dann gibt es auch die M\u00f6glichkeit, pers\u00f6nlich signierte B\u00fccher zu erwerben.<\/p>\n<h4><span style=\"color: #339966;\">Fredericktag\/ Vorlesewoche<\/span><\/h4>\n<p>Der Fredericktag wird immer mit einer Autorenlesung gefeiert. Eine Vorlesewoche, in der die Kinder eine Woche lang jeden Tag eine bestimmte Zeit lang einem selbst gew\u00e4hlten Buch, das von Lehrerinnen und Eltern vorgelesen wird, lauschen d\u00fcrfen, erg\u00e4nzt das Angebot. Alternativ wird in dieser Zeit ein Buch schwerpunktm\u00e4\u00dfig behandelt.<\/p>\n<h4><span style=\"color: #339966;\">Lesef\u00f6rderprogramme<\/span><\/h4>\n<p>Die Teilnahme an Lesef\u00f6rderprogrammen wie z.B. Antolin geh\u00f6ren bei uns dazu. Teilweise finden auch Vorlesewettbewerbe statt. In den letzten Jahren nahm&nbsp; jeweils die dritte Klasse am Lespreis der Kreissparkasse teil. Im Jahr 2021 erreichte unser Teilnehmer den 3. Platz, im Jahr 2023 unsere Teilnehmerin einen 4. Platz!<\/p>\n<\/div>\n","protected":false},"excerpt":{"rendered":"<p>Lesef\u00f6rderung an unserer Schule In unserem Kollegium wird die Lesef\u00f6rderung ernst genommen, und wir starten immer wieder Leseprojekte, die klassenintern oder klassen\u00fcbergreifend stattfinden k\u00f6nnen. Sch\u00fclerb\u00fccherei mit w\u00f6chentlicher Ausleihe Die Schulb\u00fccherei ist bei den Kindern sehr beliebt und wird rege genutzt. Die B\u00fccher sind nach Altersstufen und Schwierigkeitsgrad geordnet und mit Farben versehen, sodass die Kinder [&hellip;]<\/p>\n","protected":false},"author":3,"featured_media":0,"parent":12,"menu_order":0,"comment_status":"closed","ping_status":"closed","template":"page-templates\/full-width.php","meta":{"footnotes":""},"class_list":["post-20","page","type-page","status-publish","hentry"],"_links":{"self":[{"href":"https:\/\/www.grundschule-schlaitdorf.de\/wordpress\/wp-json\/wp\/v2\/pages\/20","targetHints":{"allow":["GET"]}}],"collection":[{"href":"https:\/\/www.grundschule-schlaitdorf.de\/wordpress\/wp-json\/wp\/v2\/pages"}],"about":[{"href":"https:\/\/www.grundschule-schlaitdorf.de\/wordpress\/wp-json\/wp\/v2\/types\/page"}],"author":[{"embeddable":true,"href":"https:\/\/www.grundschule-schlaitdorf.de\/wordpress\/wp-json\/wp\/v2\/users\/3"}],"replies":[{"embeddable":true,"href":"https:\/\/www.grundschule-schlaitdorf.de\/wordpress\/wp-json\/wp\/v2\/comments?post=20"}],"version-history":[{"count":11,"href":"https:\/\/www.grundschule-schlaitdorf.de\/wordpress\/wp-json\/wp\/v2\/pages\/20\/revisions"}],"predecessor-version":[{"id":1628,"href":"https:\/\/www.grundschule-schlaitdorf.de\/wordpress\/wp-json\/wp\/v2\/pages\/20\/revisions\/1628"}],"up":[{"embeddable":true,"href":"https:\/\/www.grundschule-schlaitdorf.de\/wordpress\/wp-json\/wp\/v2\/pages\/12"}],"wp:attachment":[{"href":"https:\/\/www.grundschule-schlaitdorf.de\/wordpress\/wp-json\/wp\/v2\/media?parent=20"}],"curies":[{"name":"wp","href":"https:\/\/api.w.org\/{rel}","templated":true}]}}