{"id":1839,"date":"2024-02-06T09:07:08","date_gmt":"2024-02-06T07:07:08","guid":{"rendered":"https:\/\/www.grundschule-schlaitdorf.de\/wordpress\/?page_id=1839"},"modified":"2024-02-06T09:07:08","modified_gmt":"2024-02-06T07:07:08","slug":"ausgezeichnet","status":"publish","type":"page","link":"https:\/\/www.grundschule-schlaitdorf.de\/wordpress\/schulleben\/schuljahr-2023-24\/ausgezeichnet\/","title":{"rendered":"Ausgezeichnet!"},"content":{"rendered":"\n<p><\/p>\n\n\n\n<p>Seit Jahren nehmen wir am Gesundheitsf\u00f6rderprogramm \u201eKlasse2000\u201c teil. Im Schuljahr 2017\/18 starteten wir auf Initiative von Frau GR&#8217;in Rehle mit unserer 1. Klasse , aufbauend kamen dann immer die neuen Klassen dazu, so dass seit dem Schuljahr 2020\/21 alle Klassen in den Genuss dieser umfassenden Gesundheitsf\u00f6rderung kommen. Anfangs noch mit wechselnden Paten, die die j\u00e4hrlichen Kosten des Programms tragen, haben sich mittlerweile der \u201eLionsClub Stuttgart Fernsehturm\u201c sowie die AOK als langfristige Partner etabliert. Nachdem wir die Gesundheitsf\u00f6rderung durch \u201eKlasse2000\u201c nun auch in unserem Schulkonzept verankert haben und erg\u00e4nzend eine Vielzahl an Bausteinen zur Gesunderhaltung unserer Sch\u00fclerinnen und Sch\u00fcler im Schulalltag einsetzen, wurde uns nun das \u201eKLARO-Siegel\u201c vom Verein Klasse2000 verliehen.<\/p>\n\n\n\n<figure class=\"wp-block-image\" id=\"f8994b78-ea4f-4709-9904-c6b55c9c0837\"><img decoding=\"async\" src=\"https:\/\/nm0as0prod0sa.blob.core.windows.net\/nm-as-prod-stc\/images\/46203264_240205093038964524-AS_Klaro-Siegel-Scam.jpg\" alt=\"\"\/><\/figure>\n\n\n\n<p>Dar\u00fcber freuen wir uns sehr, ist es doch ein Zeichen der Anerkennung, was wir f\u00fcr die k\u00f6rperliche und psychosoziale Gesunderhaltung unserer Kinder tun: Pausenengel und Streitschlichter-AG, Teilnahme am EU-Schulobstprogramm, Bewegungszeiten, Achten auf gesundes Pausenvesper, st\u00e4ndiger Zugang zu Trinken, Klassenrat und Erste-Hilfe-Kurse, Selbstverteidigungskurse \u201ePowerkids\u201c des F\u00f6rdervereins, Anreize zur Bewegung durch unsere Pausenh\u00fcpfspiele und, und, und\u2026. Das Siegel wird k\u00fcnftig unseren Eingangsbereich versch\u00f6nern und auch nach au\u00dfen unser Engagement verdeutlichen.&nbsp;<\/p>\n","protected":false},"excerpt":{"rendered":"<p>Seit Jahren nehmen wir am Gesundheitsf\u00f6rderprogramm \u201eKlasse2000\u201c teil. Im Schuljahr 2017\/18 starteten wir auf Initiative von Frau GR&#8217;in Rehle mit unserer 1. Klasse , aufbauend kamen dann immer die neuen Klassen dazu, so dass seit dem Schuljahr 2020\/21 alle Klassen in den Genuss dieser umfassenden Gesundheitsf\u00f6rderung kommen. Anfangs noch mit wechselnden Paten, die die j\u00e4hrlichen [&hellip;]<\/p>\n","protected":false},"author":3,"featured_media":0,"parent":1578,"menu_order":0,"comment_status":"closed","ping_status":"closed","template":"page-templates\/full-width.php","meta":{"footnotes":""},"class_list":["post-1839","page","type-page","status-publish","hentry"],"_links":{"self":[{"href":"https:\/\/www.grundschule-schlaitdorf.de\/wordpress\/wp-json\/wp\/v2\/pages\/1839","targetHints":{"allow":["GET"]}}],"collection":[{"href":"https:\/\/www.grundschule-schlaitdorf.de\/wordpress\/wp-json\/wp\/v2\/pages"}],"about":[{"href":"https:\/\/www.grundschule-schlaitdorf.de\/wordpress\/wp-json\/wp\/v2\/types\/page"}],"author":[{"embeddable":true,"href":"https:\/\/www.grundschule-schlaitdorf.de\/wordpress\/wp-json\/wp\/v2\/users\/3"}],"replies":[{"embeddable":true,"href":"https:\/\/www.grundschule-schlaitdorf.de\/wordpress\/wp-json\/wp\/v2\/comments?post=1839"}],"version-history":[{"count":1,"href":"https:\/\/www.grundschule-schlaitdorf.de\/wordpress\/wp-json\/wp\/v2\/pages\/1839\/revisions"}],"predecessor-version":[{"id":1840,"href":"https:\/\/www.grundschule-schlaitdorf.de\/wordpress\/wp-json\/wp\/v2\/pages\/1839\/revisions\/1840"}],"up":[{"embeddable":true,"href":"https:\/\/www.grundschule-schlaitdorf.de\/wordpress\/wp-json\/wp\/v2\/pages\/1578"}],"wp:attachment":[{"href":"https:\/\/www.grundschule-schlaitdorf.de\/wordpress\/wp-json\/wp\/v2\/media?parent=1839"}],"curies":[{"name":"wp","href":"https:\/\/api.w.org\/{rel}","templated":true}]}}